{"version":"1.0","provider_name":"testmese","provider_url":"https:\/\/testmese.cafeblog.hu","author_name":"Mihaleczki M\u00e1ria","author_url":"https:\/\/testmese.cafeblog.hu\/author\/mihaleczki-maria\/","title":"2010.10.22.","html":"<div style=\"clear: both;text-align: center\"><a href=\"http:\/\/4.bp.blogspot.com\/_Hj6CzjpbjLY\/TMGHSZrHOfI\/AAAAAAAAA2I\/k6GXxa5NevY\/s1600\/tumblr_kwtg04ARwQ1qzcso1o1_500.jpg\"><img border=\"0\" height=\"297\" src=\"https:\/\/testmese.cafeblog.hu\/files\/2010\/10\/tumblr_kwtg04ARwQ1qzcso1o1_500.jpg\" width=\"400\" \/><\/a><\/div><div style=\"text-align: center\"><br \/><b>Mag\u00e1nyos perceiben az ember a fant\u00e1zi\u00e1t h\u00edvja,<\/b><\/div><div style=\"text-align: center\"><b>F\u00e1jdalmas tud lenni a mag\u00e1ny gyeng\u00e9d cs\u00f3kja.<\/b><\/div><div style=\"text-align: center\"><b>Szemeimben m\u00e9lyen a f\u00e1jdalom megrekedt,<\/b><\/div><div style=\"text-align: center\"><b>Az \u00e1tkozott mag\u00e1ny legy\u0151zte lelkemet.<\/b><\/div><div style=\"text-align: center\"><b><br \/><\/b><\/div><div style=\"text-align: center\"><b>Mellkasodra borulva s\u00edrtam el b\u00e1natom,\u00a0<\/b><\/div><div style=\"text-align: center\"><b>A mag\u00e1nyt eluralkodni nem hagyom,<\/b><\/div><div style=\"text-align: center\"><b>Nem hagyhatom.<\/b><\/div><div style=\"text-align: center\"><b><br \/><\/b><\/div><div style=\"text-align: center\"><b>Szemtelen szemek cs\u00e1b\u00edtanak minden rosszra,<\/b><\/div><div style=\"text-align: center\"><b>Nem vagyok \u00e9n rossz! Az, aki mondja!<\/b><\/div><div style=\"text-align: center\"><b>Gyermeki tud lenni a l\u00e9lek, ha b\u00e1ntj\u00e1k,<\/b><\/div><div style=\"text-align: center\"><b>Ha a b\u00e1nt\u00e1st csak \u00fagy el\u0151r\u00e1ntj\u00e1k,<\/b><\/div><div style=\"text-align: center\"><b>S bel\u00e9m d\u00f6fik, j\u00f3 m\u00e9lyen,<\/b><\/div><div style=\"text-align: center\"><b>F\u00e1jdalm\u00e1ban \u00fcv\u00f6lt a l\u00e9nyem.<\/b><\/div><div style=\"text-align: center\"><b><br \/><\/b><\/div><div style=\"text-align: center\"><b>A f\u00e1jdalom, ha sz\u00far \u00e9s \u00e9get, akkor\u00a0<\/b><\/div><div style=\"text-align: center\"><b>Az mi magunk vagyunk.<\/b><\/div><div style=\"text-align: center\"><b>Akit igaz\u00e1n szeret\u00fcnk abban\u00a0<\/b><\/div><div style=\"text-align: center\"><b>Igaz\u00e1n csal\u00f3dhatunk.<\/b><\/div><div>Az akad\u00e1lyok azok az ijeszt\u0151 dolgok, amiket akkor l\u00e1tsz, amikor leveszed a szemed a c\u00e9lr\u00f3l.<\/div>","type":"rich"}